{"id":9048,"date":"2026-04-24T00:37:54","date_gmt":"2026-04-24T03:37:54","guid":{"rendered":"https:\/\/diseno.duoc.cl\/premiosdd\/?page_id=9048"},"modified":"2026-04-24T15:39:21","modified_gmt":"2026-04-24T18:39:21","slug":"seleccionados-2025","status":"publish","type":"page","link":"https:\/\/diseno.duoc.cl\/premiosdd\/seleccionados-2025\/","title":{"rendered":"Seleccionados 2025"},"content":{"rendered":"\t\t<div data-elementor-type=\"wp-page\" data-elementor-id=\"9048\" class=\"elementor elementor-9048\" data-elementor-post-type=\"page\">\n\t\t\t\t<div class=\"elementor-element elementor-element-8918ac5 e-flex e-con-boxed e-con e-parent\" data-id=\"8918ac5\" data-element_type=\"container\" data-settings=\"{&quot;jet_parallax_layout_list&quot;:[]}\">\n\t\t\t\t\t<div class=\"e-con-inner\">\n\t\t\t\t\t<\/div>\n\t\t\t\t<\/div>\n\t\t<div class=\"elementor-element elementor-element-92b577a e-flex e-con-boxed e-con e-parent\" data-id=\"92b577a\" data-element_type=\"container\" data-settings=\"{&quot;jet_parallax_layout_list&quot;:[]}\">\n\t\t\t\t\t<div class=\"e-con-inner\">\n\t\t\t\t<div class=\"elementor-element elementor-element-061da9e elementor-widget elementor-widget-heading\" data-id=\"061da9e\" data-element_type=\"widget\" data-widget_type=\"heading.default\">\n\t\t\t\t<div class=\"elementor-widget-container\">\n\t\t\t\t\t<h2 class=\"elementor-heading-title elementor-size-default\">Proyectos seleccionados 2025<\/h2>\t\t\t\t<\/div>\n\t\t\t\t<\/div>\n\t\t\t\t\t<\/div>\n\t\t\t\t<\/div>\n\t\t<div class=\"elementor-element elementor-element-551429e e-flex e-con-boxed e-con e-parent\" data-id=\"551429e\" data-element_type=\"container\" data-settings=\"{&quot;jet_parallax_layout_list&quot;:[]}\">\n\t\t\t\t\t<div class=\"e-con-inner\">\n\t\t\t\t<div class=\"elementor-element elementor-element-ef7b82e elementor-widget elementor-widget-heading\" data-id=\"ef7b82e\" data-element_type=\"widget\" data-widget_type=\"heading.default\">\n\t\t\t\t<div class=\"elementor-widget-container\">\n\t\t\t\t\t<h4 class=\"elementor-heading-title elementor-size-default\">Dise\u00f1o Gr\u00e1fico Junior<\/h4>\t\t\t\t<\/div>\n\t\t\t\t<\/div>\n\t\t\t\t<div class=\"elementor-element elementor-element-8af4cef elementor-widget elementor-widget-jet-posts\" data-id=\"8af4cef\" data-element_type=\"widget\" data-settings=\"{&quot;columns&quot;:&quot;3&quot;,&quot;slides_to_scroll&quot;:&quot;1&quot;}\" data-widget_type=\"jet-posts.default\">\n\t\t\t\t<div class=\"elementor-widget-container\">\n\t\t\t\t\t<div class=\"elementor-jet-posts jet-elements\"><div class=\"jet-posts col-row \"><div class=\"jet-posts__item\">\n\t<div class=\"jet-posts__inner-box\"><div class=\"post-thumbnail\"><a href=\"https:\/\/diseno.duoc.cl\/premiosdd\/proyectos-2025\/petly\/\" class=\"post-thumbnail__link\"><img loading=\"lazy\" decoding=\"async\" class=\"post-thumbnail__img wp-post-image\" src=\"https:\/\/diseno.duoc.cl\/premiosdd\/wp-content\/uploads\/jet-engine-forms\/25774\/2025\/12\/Petly-DD.png\" alt=\"Petly\" loading=\"lazy\" width=\"1920\" height=\"800\"><\/a><\/div><div class=\"jet-posts__inner-content\"><h4 class=\"entry-title\"><a href=\"https:\/\/diseno.duoc.cl\/premiosdd\/proyectos-2025\/petly\/\" target=\"\">Petly<\/a><\/h4><div class=\"post-meta\"><\/div><\/div><\/div>\n<\/div>\n<div class=\"jet-posts__item\">\n\t<div class=\"jet-posts__inner-box\"><div class=\"post-thumbnail\"><a href=\"https:\/\/diseno.duoc.cl\/premiosdd\/proyectos-2025\/tiny-steps-3\/\" class=\"post-thumbnail__link\"><img loading=\"lazy\" decoding=\"async\" class=\"post-thumbnail__img wp-post-image\" src=\"https:\/\/diseno.duoc.cl\/premiosdd\/wp-content\/uploads\/jet-engine-forms\/24216\/2025\/12\/Mockup-Tiny-Steps-1-1.jpg\" alt=\"Tiny Steps\" loading=\"lazy\" width=\"1067\" height=\"800\"><\/a><\/div><div class=\"jet-posts__inner-content\"><h4 class=\"entry-title\"><a href=\"https:\/\/diseno.duoc.cl\/premiosdd\/proyectos-2025\/tiny-steps-3\/\" target=\"\">Tiny Steps<\/a><\/h4><div class=\"post-meta\"><\/div><\/div><\/div>\n<\/div>\n<div class=\"jet-posts__item\">\n\t<div class=\"jet-posts__inner-box\"><div class=\"post-thumbnail\"><a href=\"https:\/\/diseno.duoc.cl\/premiosdd\/proyectos-2025\/ledu-servicio-grafico-de-material-didactico-para-neurodivergencias\/\" class=\"post-thumbnail__link\"><img loading=\"lazy\" decoding=\"async\" class=\"post-thumbnail__img wp-post-image\" src=\"https:\/\/diseno.duoc.cl\/premiosdd\/wp-content\/uploads\/jet-engine-forms\/21272\/2025\/12\/TARJETA-DE-PRESENTACION-LEDU-02.png\" alt=\"Ledu - Servicio gr\u00e1fico de material did\u00e1ctico para neurodivergencias\" loading=\"lazy\" width=\"1064\" height=\"650\"><\/a><\/div><div class=\"jet-posts__inner-content\"><h4 class=\"entry-title\"><a href=\"https:\/\/diseno.duoc.cl\/premiosdd\/proyectos-2025\/ledu-servicio-grafico-de-material-didactico-para-neurodivergencias\/\" target=\"\">Ledu - Servicio gr\u00e1fico de material did\u00e1ctico para neurodivergencias<\/a><\/h4><div class=\"post-meta\"><\/div><\/div><\/div>\n<\/div>\n<div class=\"jet-posts__item\">\n\t<div class=\"jet-posts__inner-box\"><div class=\"post-thumbnail\"><a href=\"https:\/\/diseno.duoc.cl\/premiosdd\/proyectos-2025\/rastro-cero\/\" class=\"post-thumbnail__link\"><img loading=\"lazy\" decoding=\"async\" class=\"post-thumbnail__img wp-post-image\" src=\"https:\/\/diseno.duoc.cl\/premiosdd\/wp-content\/uploads\/jet-engine-forms\/21920\/2025\/12\/Screenshot_151.png\" alt=\"Rastro Cero\" loading=\"lazy\" width=\"1047\" height=\"663\"><\/a><\/div><div class=\"jet-posts__inner-content\"><h4 class=\"entry-title\"><a href=\"https:\/\/diseno.duoc.cl\/premiosdd\/proyectos-2025\/rastro-cero\/\" target=\"\">Rastro Cero<\/a><\/h4><div class=\"post-meta\"><\/div><\/div><\/div>\n<\/div>\n<div class=\"jet-posts__item\">\n\t<div class=\"jet-posts__inner-box\"><div class=\"post-thumbnail\"><a href=\"https:\/\/diseno.duoc.cl\/premiosdd\/proyectos-2025\/kidkongo-el-guardian-divertido-de-tus-hijos\/\" class=\"post-thumbnail__link\"><img loading=\"lazy\" decoding=\"async\" class=\"post-thumbnail__img wp-post-image\" src=\"https:\/\/diseno.duoc.cl\/premiosdd\/wp-content\/uploads\/jet-engine-forms\/22654\/2025\/12\/Opera_Snapshot_2025-12-15_164041_drive.google.com_.webp\" alt=\"KidKongo, el guardi\u00e1n divertido de tus hijos\" loading=\"lazy\" width=\"998\" height=\"563\"><\/a><\/div><div class=\"jet-posts__inner-content\"><h4 class=\"entry-title\"><a href=\"https:\/\/diseno.duoc.cl\/premiosdd\/proyectos-2025\/kidkongo-el-guardian-divertido-de-tus-hijos\/\" target=\"\">KidKongo, el guardi\u00e1n divertido de tus hijos<\/a><\/h4><div class=\"post-meta\"><\/div><\/div><\/div>\n<\/div>\n<div class=\"jet-posts__item\">\n\t<div class=\"jet-posts__inner-box\"><div class=\"post-thumbnail\"><a href=\"https:\/\/diseno.duoc.cl\/premiosdd\/proyectos-2025\/eco-vibes-harmony\/\" class=\"post-thumbnail__link\"><img loading=\"lazy\" decoding=\"async\" class=\"post-thumbnail__img wp-post-image\" src=\"https:\/\/diseno.duoc.cl\/premiosdd\/wp-content\/uploads\/jet-engine-forms\/23973\/2025\/12\/WhatsApp-Image-2025-10-29-at-11.03.34-PM.jpeg\" alt=\"Eco Vibes + Harmony\" loading=\"lazy\" width=\"1280\" height=\"960\"><\/a><\/div><div class=\"jet-posts__inner-content\"><h4 class=\"entry-title\"><a href=\"https:\/\/diseno.duoc.cl\/premiosdd\/proyectos-2025\/eco-vibes-harmony\/\" target=\"\">Eco Vibes + Harmony<\/a><\/h4><div class=\"post-meta\"><\/div><\/div><\/div>\n<\/div>\n<\/div>\n<\/div>\t\t\t\t<\/div>\n\t\t\t\t<\/div>\n\t\t\t\t\t<\/div>\n\t\t\t\t<\/div>\n\t\t<div class=\"elementor-element elementor-element-a70dc0c e-flex e-con-boxed e-con e-parent\" data-id=\"a70dc0c\" data-element_type=\"container\" data-settings=\"{&quot;jet_parallax_layout_list&quot;:[]}\">\n\t\t\t\t\t<div class=\"e-con-inner\">\n\t\t\t\t<div class=\"elementor-element elementor-element-c6d5d97 elementor-widget elementor-widget-heading\" data-id=\"c6d5d97\" data-element_type=\"widget\" data-widget_type=\"heading.default\">\n\t\t\t\t<div class=\"elementor-widget-container\">\n\t\t\t\t\t<h4 class=\"elementor-heading-title elementor-size-default\">Dise\u00f1o Gr\u00e1fico Menci\u00f3n Identidad Visual<\/h4>\t\t\t\t<\/div>\n\t\t\t\t<\/div>\n\t\t\t\t<div class=\"elementor-element elementor-element-4a85b8d elementor-widget elementor-widget-jet-posts\" data-id=\"4a85b8d\" data-element_type=\"widget\" data-settings=\"{&quot;columns&quot;:3,&quot;slides_to_scroll&quot;:&quot;1&quot;}\" data-widget_type=\"jet-posts.default\">\n\t\t\t\t<div class=\"elementor-widget-container\">\n\t\t\t\t\t<div class=\"elementor-jet-posts jet-elements\"><div class=\"jet-posts col-row \"><div class=\"jet-posts__item\">\n\t<div class=\"jet-posts__inner-box\"><div class=\"post-thumbnail\"><a href=\"https:\/\/diseno.duoc.cl\/premiosdd\/proyectos-2025\/sistema-senaletico-granja-educativa-de-lonquen-aprender-recorriendo\/\" class=\"post-thumbnail__link\"><img loading=\"lazy\" decoding=\"async\" class=\"post-thumbnail__img wp-post-image\" src=\"https:\/\/diseno.duoc.cl\/premiosdd\/wp-content\/uploads\/jet-engine-forms\/23165\/2026\/01\/Bh-Granja00.jpg\" alt=\"Sistema se\u00f1al\u00e9tico: Granja Educativa de Lonqu\u00e9n &quot;Aprender recorriendo&quot;\" loading=\"lazy\" width=\"1400\" height=\"725\"><\/a><\/div><div class=\"jet-posts__inner-content\"><h4 class=\"entry-title\"><a href=\"https:\/\/diseno.duoc.cl\/premiosdd\/proyectos-2025\/sistema-senaletico-granja-educativa-de-lonquen-aprender-recorriendo\/\" target=\"\">Sistema se\u00f1al\u00e9tico: Granja Educativa de Lonqu\u00e9n \"Aprender recorriendo\"<\/a><\/h4><\/div><\/div>\n<\/div>\n<div class=\"jet-posts__item\">\n\t<div class=\"jet-posts__inner-box\"><div class=\"post-thumbnail\"><a href=\"https:\/\/diseno.duoc.cl\/premiosdd\/proyectos-2025\/sistema-de-senalizacion-e-identidad-visual-museo-megm\/\" class=\"post-thumbnail__link\"><img loading=\"lazy\" decoding=\"async\" class=\"post-thumbnail__img wp-post-image\" src=\"https:\/\/diseno.duoc.cl\/premiosdd\/wp-content\/uploads\/jet-engine-forms\/24612\/2026\/01\/portada-postulacion.jpg\" alt=\"Sistema de Se\u00f1alizaci\u00f3n e Identidad Visual museo MEGM\" loading=\"lazy\" width=\"1920\" height=\"800\"><\/a><\/div><div class=\"jet-posts__inner-content\"><h4 class=\"entry-title\"><a href=\"https:\/\/diseno.duoc.cl\/premiosdd\/proyectos-2025\/sistema-de-senalizacion-e-identidad-visual-museo-megm\/\" target=\"\">Sistema de Se\u00f1alizaci\u00f3n e Identidad Visual museo MEGM<\/a><\/h4><\/div><\/div>\n<\/div>\n<div class=\"jet-posts__item\">\n\t<div class=\"jet-posts__inner-box\"><div class=\"post-thumbnail\"><a href=\"https:\/\/diseno.duoc.cl\/premiosdd\/proyectos-2025\/identidad-y-sistema-senaletico-para-un-evento-efimero-jardin-literario\/\" class=\"post-thumbnail__link\"><img loading=\"lazy\" decoding=\"async\" class=\"post-thumbnail__img wp-post-image\" src=\"https:\/\/diseno.duoc.cl\/premiosdd\/wp-content\/uploads\/jet-engine-forms\/26214\/2026\/01\/FOTO-PORTADA-1.png\" alt=\"Identidad y Sistema Se\u00f1al\u00e9tico para un Evento Ef\u00edmero: Jard\u00edn Literario\" loading=\"lazy\" width=\"1920\" height=\"800\"><\/a><\/div><div class=\"jet-posts__inner-content\"><h4 class=\"entry-title\"><a href=\"https:\/\/diseno.duoc.cl\/premiosdd\/proyectos-2025\/identidad-y-sistema-senaletico-para-un-evento-efimero-jardin-literario\/\" target=\"\">Identidad y Sistema Se\u00f1al\u00e9tico para un Evento Ef\u00edmero: Jard\u00edn Literario<\/a><\/h4><\/div><\/div>\n<\/div>\n<div class=\"jet-posts__item\">\n\t<div class=\"jet-posts__inner-box\"><div class=\"post-thumbnail\"><a href=\"https:\/\/diseno.duoc.cl\/premiosdd\/proyectos-2025\/grupo-scout-g-g-s-s-a\/\" class=\"post-thumbnail__link\"><img loading=\"lazy\" decoding=\"async\" class=\"post-thumbnail__img wp-post-image\" src=\"https:\/\/diseno.duoc.cl\/premiosdd\/wp-content\/uploads\/jet-engine-forms\/22691\/2026\/01\/IMG_3378.jpeg\" alt=\"Grupo Scout (G.G.S.S.A)\" loading=\"lazy\" width=\"1179\" height=\"632\"><\/a><\/div><div class=\"jet-posts__inner-content\"><h4 class=\"entry-title\"><a href=\"https:\/\/diseno.duoc.cl\/premiosdd\/proyectos-2025\/grupo-scout-g-g-s-s-a\/\" target=\"\">Grupo Scout (G.G.S.S.A)<\/a><\/h4><\/div><\/div>\n<\/div>\n<div class=\"jet-posts__item\">\n\t<div class=\"jet-posts__inner-box\"><div class=\"post-thumbnail\"><a href=\"https:\/\/diseno.duoc.cl\/premiosdd\/proyectos-2025\/rediseno-de-identidad-visual-septima-compania-de-bomberos-de-concepcion\/\" class=\"post-thumbnail__link\"><img loading=\"lazy\" decoding=\"async\" class=\"post-thumbnail__img wp-post-image\" src=\"https:\/\/diseno.duoc.cl\/premiosdd\/wp-content\/uploads\/jet-engine-forms\/21219\/2025\/08\/Sin-titulo-2-6.jpg\" alt=\"Redise\u00f1o de Identidad Visual: S\u00e9ptima Compa\u00f1\u00eda de Bomberos de Concepci\u00f3n\" loading=\"lazy\" width=\"1920\" height=\"800\"><\/a><\/div><div class=\"jet-posts__inner-content\"><h4 class=\"entry-title\"><a href=\"https:\/\/diseno.duoc.cl\/premiosdd\/proyectos-2025\/rediseno-de-identidad-visual-septima-compania-de-bomberos-de-concepcion\/\" target=\"\">Redise\u00f1o de Identidad Visual: S\u00e9ptima Compa\u00f1\u00eda de Bomberos de Concepci\u00f3n<\/a><\/h4><\/div><\/div>\n<\/div>\n<div class=\"jet-posts__item\">\n\t<div class=\"jet-posts__inner-box\"><div class=\"post-thumbnail\"><a href=\"https:\/\/diseno.duoc.cl\/premiosdd\/proyectos-2025\/ffe-2025-identidad-visual\/\" class=\"post-thumbnail__link\"><img loading=\"lazy\" decoding=\"async\" class=\"post-thumbnail__img wp-post-image\" src=\"https:\/\/diseno.duoc.cl\/premiosdd\/wp-content\/uploads\/jet-engine-forms\/22018\/2025\/07\/PORTADA-PREMIOS-DD.jpg\" alt=\"FFE 2025 - IDENTIDAD VISUAL\" loading=\"lazy\" width=\"960\" height=\"540\"><\/a><\/div><div class=\"jet-posts__inner-content\"><h4 class=\"entry-title\"><a href=\"https:\/\/diseno.duoc.cl\/premiosdd\/proyectos-2025\/ffe-2025-identidad-visual\/\" target=\"\">FFE 2025 - IDENTIDAD VISUAL<\/a><\/h4><\/div><\/div>\n<\/div>\n<\/div>\n<\/div>\t\t\t\t<\/div>\n\t\t\t\t<\/div>\n\t\t\t\t\t<\/div>\n\t\t\t\t<\/div>\n\t\t<div class=\"elementor-element elementor-element-bf1b81e e-flex e-con-boxed e-con e-parent\" data-id=\"bf1b81e\" data-element_type=\"container\" data-settings=\"{&quot;jet_parallax_layout_list&quot;:[]}\">\n\t\t\t\t\t<div class=\"e-con-inner\">\n\t\t\t\t<div class=\"elementor-element elementor-element-ead3fe4 elementor-widget elementor-widget-heading\" data-id=\"ead3fe4\" data-element_type=\"widget\" data-widget_type=\"heading.default\">\n\t\t\t\t<div class=\"elementor-widget-container\">\n\t\t\t\t\t<h4 class=\"elementor-heading-title elementor-size-default\">Dise\u00f1o Gr\u00e1fico Menci\u00f3n Interfaces e Interacciones<\/h4>\t\t\t\t<\/div>\n\t\t\t\t<\/div>\n\t\t\t\t<div class=\"elementor-element elementor-element-2076e72 elementor-widget elementor-widget-jet-posts\" data-id=\"2076e72\" data-element_type=\"widget\" data-settings=\"{&quot;columns&quot;:3,&quot;slides_to_scroll&quot;:&quot;1&quot;}\" data-widget_type=\"jet-posts.default\">\n\t\t\t\t<div class=\"elementor-widget-container\">\n\t\t\t\t\t<div class=\"elementor-jet-posts jet-elements\"><div class=\"jet-posts col-row \"><div class=\"jet-posts__item\">\n\t<div class=\"jet-posts__inner-box\"><div class=\"post-thumbnail\"><a href=\"https:\/\/diseno.duoc.cl\/premiosdd\/proyectos-2025\/descubre-jardin-botanico-nacional\/\" class=\"post-thumbnail__link\"><img loading=\"lazy\" decoding=\"async\" class=\"post-thumbnail__img wp-post-image\" src=\"https:\/\/diseno.duoc.cl\/premiosdd\/wp-content\/uploads\/jet-engine-forms\/26342\/2026\/01\/DescubreJBN.png\" alt=\"Descubre Jard\u00edn Bot\u00e1nico  Nacional\" loading=\"lazy\" width=\"1920\" height=\"800\"><\/a><\/div><div class=\"jet-posts__inner-content\"><h4 class=\"entry-title\"><a href=\"https:\/\/diseno.duoc.cl\/premiosdd\/proyectos-2025\/descubre-jardin-botanico-nacional\/\" target=\"\">Descubre Jard\u00edn Bot\u00e1nico  Nacional<\/a><\/h4><\/div><\/div>\n<\/div>\n<div class=\"jet-posts__item\">\n\t<div class=\"jet-posts__inner-box\"><div class=\"post-thumbnail\"><a href=\"https:\/\/diseno.duoc.cl\/premiosdd\/proyectos-2025\/neurofest\/\" class=\"post-thumbnail__link\"><img loading=\"lazy\" decoding=\"async\" class=\"post-thumbnail__img wp-post-image\" src=\"https:\/\/diseno.duoc.cl\/premiosdd\/wp-content\/uploads\/jet-engine-forms\/24611\/2026\/01\/PORTADA3.png\" alt=\"Neurofest\" loading=\"lazy\" width=\"960\" height=\"400\"><\/a><\/div><div class=\"jet-posts__inner-content\"><h4 class=\"entry-title\"><a href=\"https:\/\/diseno.duoc.cl\/premiosdd\/proyectos-2025\/neurofest\/\" target=\"\">Neurofest<\/a><\/h4><\/div><\/div>\n<\/div>\n<div class=\"jet-posts__item\">\n\t<div class=\"jet-posts__inner-box\"><div class=\"post-thumbnail\"><a href=\"https:\/\/diseno.duoc.cl\/premiosdd\/proyectos-2025\/rutero-outdoor-proyecto-de-ux-ui\/\" class=\"post-thumbnail__link\"><img loading=\"lazy\" decoding=\"async\" class=\"post-thumbnail__img wp-post-image\" src=\"https:\/\/diseno.duoc.cl\/premiosdd\/wp-content\/uploads\/jet-engine-forms\/21301\/2025\/12\/Portada-Premios.jpg\" alt=\"Rutero outdoor, proyecto de UX\/UI\" loading=\"lazy\" width=\"1920\" height=\"800\"><\/a><\/div><div class=\"jet-posts__inner-content\"><h4 class=\"entry-title\"><a href=\"https:\/\/diseno.duoc.cl\/premiosdd\/proyectos-2025\/rutero-outdoor-proyecto-de-ux-ui\/\" target=\"\">Rutero outdoor, proyecto de UX\/UI<\/a><\/h4><\/div><\/div>\n<\/div>\n<div class=\"jet-posts__item\">\n\t<div class=\"jet-posts__inner-box\"><div class=\"post-thumbnail\"><a href=\"https:\/\/diseno.duoc.cl\/premiosdd\/proyectos-2025\/ubikate\/\" class=\"post-thumbnail__link\"><img loading=\"lazy\" decoding=\"async\" class=\"post-thumbnail__img wp-post-image\" src=\"https:\/\/diseno.duoc.cl\/premiosdd\/wp-content\/uploads\/jet-engine-forms\/23294\/2025\/09\/PORTADA.jpg\" alt=\"UBIKATE\" loading=\"lazy\" width=\"1920\" height=\"800\"><\/a><\/div><div class=\"jet-posts__inner-content\"><h4 class=\"entry-title\"><a href=\"https:\/\/diseno.duoc.cl\/premiosdd\/proyectos-2025\/ubikate\/\" target=\"\">UBIKATE<\/a><\/h4><\/div><\/div>\n<\/div>\n<div class=\"jet-posts__item\">\n\t<div class=\"jet-posts__inner-box\"><div class=\"post-thumbnail\"><a href=\"https:\/\/diseno.duoc.cl\/premiosdd\/proyectos-2025\/la-magia-de-tijax\/\" class=\"post-thumbnail__link\"><img loading=\"lazy\" decoding=\"async\" class=\"post-thumbnail__img wp-post-image\" src=\"https:\/\/diseno.duoc.cl\/premiosdd\/wp-content\/uploads\/jet-engine-forms\/22130\/2025\/07\/Captura-de-Pantalla-2025-07-17-a-las-4.11.56-p.-m.png\" alt=\"La Magia de Tijax\" loading=\"lazy\" width=\"1766\" height=\"739\"><\/a><\/div><div class=\"jet-posts__inner-content\"><h4 class=\"entry-title\"><a href=\"https:\/\/diseno.duoc.cl\/premiosdd\/proyectos-2025\/la-magia-de-tijax\/\" target=\"\">La Magia de Tijax<\/a><\/h4><\/div><\/div>\n<\/div>\n<\/div>\n<\/div>\t\t\t\t<\/div>\n\t\t\t\t<\/div>\n\t\t\t\t\t<\/div>\n\t\t\t\t<\/div>\n\t\t<div class=\"elementor-element elementor-element-2549524 e-flex e-con-boxed e-con e-parent\" data-id=\"2549524\" data-element_type=\"container\" data-settings=\"{&quot;jet_parallax_layout_list&quot;:[]}\">\n\t\t\t\t\t<div class=\"e-con-inner\">\n\t\t\t\t<div class=\"elementor-element elementor-element-2e8fe1e elementor-widget elementor-widget-heading\" data-id=\"2e8fe1e\" data-element_type=\"widget\" data-widget_type=\"heading.default\">\n\t\t\t\t<div class=\"elementor-widget-container\">\n\t\t\t\t\t<h4 class=\"elementor-heading-title elementor-size-default\">Dise\u00f1o de Ambientes Junior<\/h4>\t\t\t\t<\/div>\n\t\t\t\t<\/div>\n\t\t\t\t<div class=\"elementor-element elementor-element-61118e7 elementor-widget elementor-widget-jet-posts\" data-id=\"61118e7\" data-element_type=\"widget\" data-settings=\"{&quot;columns&quot;:3,&quot;slides_to_scroll&quot;:&quot;1&quot;}\" data-widget_type=\"jet-posts.default\">\n\t\t\t\t<div class=\"elementor-widget-container\">\n\t\t\t\t\t<div class=\"elementor-jet-posts jet-elements\"><div class=\"jet-posts col-row \"><div class=\"jet-posts__item\">\n\t<div class=\"jet-posts__inner-box\"><div class=\"post-thumbnail\"><a href=\"https:\/\/diseno.duoc.cl\/premiosdd\/proyectos-2025\/proyecto-chocolateria-moulie\/\" class=\"post-thumbnail__link\"><img loading=\"lazy\" decoding=\"async\" class=\"post-thumbnail__img wp-post-image\" src=\"https:\/\/diseno.duoc.cl\/premiosdd\/wp-content\/uploads\/jet-engine-forms\/21503\/2026\/03\/PROYECTO-CHOCOLATERIA-MOULIE-500-1.png\" alt=\"Proyecto Chocolater\u00eda Moulie\" loading=\"lazy\" width=\"720\" height=\"405\"><\/a><\/div><div class=\"jet-posts__inner-content\"><h4 class=\"entry-title\"><a href=\"https:\/\/diseno.duoc.cl\/premiosdd\/proyectos-2025\/proyecto-chocolateria-moulie\/\" target=\"\">Proyecto Chocolater\u00eda Moulie<\/a><\/h4><\/div><\/div>\n<\/div>\n<div class=\"jet-posts__item\">\n\t<div class=\"jet-posts__inner-box\"><div class=\"post-thumbnail\"><a href=\"https:\/\/diseno.duoc.cl\/premiosdd\/proyectos-2025\/cuidar-para-sanar\/\" class=\"post-thumbnail__link\"><img loading=\"lazy\" decoding=\"async\" class=\"post-thumbnail__img wp-post-image\" src=\"https:\/\/diseno.duoc.cl\/premiosdd\/wp-content\/uploads\/jet-engine-forms\/22557\/2026\/01\/20260131_230507_0000-1-1-1-1-1-1.png\" alt=\"Cuidar Para Sanar\" loading=\"lazy\" width=\"1920\" height=\"800\"><\/a><\/div><div class=\"jet-posts__inner-content\"><h4 class=\"entry-title\"><a href=\"https:\/\/diseno.duoc.cl\/premiosdd\/proyectos-2025\/cuidar-para-sanar\/\" target=\"\">Cuidar Para Sanar<\/a><\/h4><\/div><\/div>\n<\/div>\n<div class=\"jet-posts__item\">\n\t<div class=\"jet-posts__inner-box\"><div class=\"post-thumbnail\"><a href=\"https:\/\/diseno.duoc.cl\/premiosdd\/proyectos-2025\/diseno-de-espacio-comercial-saxoline\/\" class=\"post-thumbnail__link\"><img loading=\"lazy\" decoding=\"async\" class=\"post-thumbnail__img wp-post-image\" src=\"https:\/\/diseno.duoc.cl\/premiosdd\/wp-content\/uploads\/jet-engine-forms\/24240\/2025\/07\/Laminas-1.jpg\" alt=\"Dise\u00f1o de espacio comercial: Saxoline\" loading=\"lazy\" width=\"1200\" height=\"1600\"><\/a><\/div><div class=\"jet-posts__inner-content\"><h4 class=\"entry-title\"><a href=\"https:\/\/diseno.duoc.cl\/premiosdd\/proyectos-2025\/diseno-de-espacio-comercial-saxoline\/\" target=\"\">Dise\u00f1o de espacio comercial: Saxoline<\/a><\/h4><\/div><\/div>\n<\/div>\n<\/div>\n<\/div>\t\t\t\t<\/div>\n\t\t\t\t<\/div>\n\t\t\t\t\t<\/div>\n\t\t\t\t<\/div>\n\t\t<div class=\"elementor-element elementor-element-d42834e e-flex e-con-boxed e-con e-parent\" data-id=\"d42834e\" data-element_type=\"container\" data-settings=\"{&quot;jet_parallax_layout_list&quot;:[]}\">\n\t\t\t\t\t<div class=\"e-con-inner\">\n\t\t\t\t<div class=\"elementor-element elementor-element-80302d1 elementor-widget elementor-widget-heading\" data-id=\"80302d1\" data-element_type=\"widget\" data-widget_type=\"heading.default\">\n\t\t\t\t<div class=\"elementor-widget-container\">\n\t\t\t\t\t<h4 class=\"elementor-heading-title elementor-size-default\">Dise\u00f1o de Ambientes Senior<\/h4>\t\t\t\t<\/div>\n\t\t\t\t<\/div>\n\t\t\t\t<div class=\"elementor-element elementor-element-650fd6f elementor-widget elementor-widget-jet-posts\" data-id=\"650fd6f\" data-element_type=\"widget\" data-settings=\"{&quot;columns&quot;:3,&quot;slides_to_scroll&quot;:&quot;1&quot;}\" data-widget_type=\"jet-posts.default\">\n\t\t\t\t<div class=\"elementor-widget-container\">\n\t\t\t\t\t<div class=\"elementor-jet-posts jet-elements\"><div class=\"jet-posts col-row \"><div class=\"jet-posts__item\">\n\t<div class=\"jet-posts__inner-box\"><div class=\"post-thumbnail\"><a href=\"https:\/\/diseno.duoc.cl\/premiosdd\/proyectos-2025\/if-2050-invernadero-quinta-normal\/\" class=\"post-thumbnail__link\"><img loading=\"lazy\" decoding=\"async\" class=\"post-thumbnail__img wp-post-image\" src=\"https:\/\/diseno.duoc.cl\/premiosdd\/wp-content\/uploads\/jet-engine-forms\/22369\/2026\/01\/WhatsApp-Image-2026-01-31-at-11.45.02-PM.jpeg\" alt=\"IF 2050 | Invernadero Quinta Normal\" loading=\"lazy\" width=\"1600\" height=\"900\"><\/a><\/div><div class=\"jet-posts__inner-content\"><h4 class=\"entry-title\"><a href=\"https:\/\/diseno.duoc.cl\/premiosdd\/proyectos-2025\/if-2050-invernadero-quinta-normal\/\" target=\"\">IF 2050 | Invernadero Quinta Normal<\/a><\/h4><\/div><\/div>\n<\/div>\n<div class=\"jet-posts__item\">\n\t<div class=\"jet-posts__inner-box\"><div class=\"post-thumbnail\"><a href=\"https:\/\/diseno.duoc.cl\/premiosdd\/proyectos-2025\/brief-entre-risas-y-barro\/\" class=\"post-thumbnail__link\"><img loading=\"lazy\" decoding=\"async\" class=\"post-thumbnail__img wp-post-image\" src=\"https:\/\/diseno.duoc.cl\/premiosdd\/wp-content\/uploads\/jet-engine-forms\/24979\/2025\/12\/Diseno-sin-titulo-scaled.jpg\" alt=\"Brief Entre Risas y Barro\" loading=\"lazy\" width=\"2560\" height=\"1440\"><\/a><\/div><div class=\"jet-posts__inner-content\"><h4 class=\"entry-title\"><a href=\"https:\/\/diseno.duoc.cl\/premiosdd\/proyectos-2025\/brief-entre-risas-y-barro\/\" target=\"\">Brief Entre Risas y Barro<\/a><\/h4><\/div><\/div>\n<\/div>\n<div class=\"jet-posts__item\">\n\t<div class=\"jet-posts__inner-box\"><div class=\"post-thumbnail\"><a href=\"https:\/\/diseno.duoc.cl\/premiosdd\/proyectos-2025\/umbral-productivo\/\" class=\"post-thumbnail__link\"><img loading=\"lazy\" decoding=\"async\" class=\"post-thumbnail__img wp-post-image\" src=\"https:\/\/diseno.duoc.cl\/premiosdd\/wp-content\/uploads\/jet-engine-forms\/25642\/2025\/12\/Brochure-Umbral-productivo-im\u251cigenes-0-scaled.jpg\" alt=\"UMBRAL PRODUCTIVO\" loading=\"lazy\" width=\"2560\" height=\"1978\"><\/a><\/div><div class=\"jet-posts__inner-content\"><h4 class=\"entry-title\"><a href=\"https:\/\/diseno.duoc.cl\/premiosdd\/proyectos-2025\/umbral-productivo\/\" target=\"\">UMBRAL PRODUCTIVO<\/a><\/h4><\/div><\/div>\n<\/div>\n<\/div>\n<\/div>\t\t\t\t<\/div>\n\t\t\t\t<\/div>\n\t\t\t\t\t<\/div>\n\t\t\t\t<\/div>\n\t\t<div class=\"elementor-element elementor-element-5e7538f e-flex e-con-boxed e-con e-parent\" data-id=\"5e7538f\" data-element_type=\"container\" data-settings=\"{&quot;jet_parallax_layout_list&quot;:[]}\">\n\t\t\t\t\t<div class=\"e-con-inner\">\n\t\t\t\t<div class=\"elementor-element elementor-element-38ea4ab elementor-widget elementor-widget-heading\" data-id=\"38ea4ab\" data-element_type=\"widget\" data-widget_type=\"heading.default\">\n\t\t\t\t<div class=\"elementor-widget-container\">\n\t\t\t\t\t<h4 class=\"elementor-heading-title elementor-size-default\">Dise\u00f1o de Productos Junior<\/h4>\t\t\t\t<\/div>\n\t\t\t\t<\/div>\n\t\t\t\t<div class=\"elementor-element elementor-element-67bd6d6 elementor-widget elementor-widget-jet-posts\" data-id=\"67bd6d6\" data-element_type=\"widget\" data-settings=\"{&quot;columns&quot;:3,&quot;slides_to_scroll&quot;:&quot;1&quot;}\" data-widget_type=\"jet-posts.default\">\n\t\t\t\t<div class=\"elementor-widget-container\">\n\t\t\t\t\t<div class=\"elementor-jet-posts jet-elements\"><div class=\"jet-posts col-row \"><div class=\"jet-posts__item\">\n\t<div class=\"jet-posts__inner-box\"><div class=\"post-thumbnail\"><a href=\"https:\/\/diseno.duoc.cl\/premiosdd\/proyectos-2025\/rootride\/\" class=\"post-thumbnail__link\"><img loading=\"lazy\" decoding=\"async\" class=\"post-thumbnail__img wp-post-image\" src=\"https:\/\/diseno.duoc.cl\/premiosdd\/wp-content\/uploads\/jet-engine-forms\/21524\/2026\/01\/Sin-titulo-1920-x-800-px-2.png\" alt=\"RootRide\" loading=\"lazy\" width=\"1680\" height=\"700\"><\/a><\/div><div class=\"jet-posts__inner-content\"><h4 class=\"entry-title\"><a href=\"https:\/\/diseno.duoc.cl\/premiosdd\/proyectos-2025\/rootride\/\" target=\"\">RootRide<\/a><\/h4><\/div><\/div>\n<\/div>\n<div class=\"jet-posts__item\">\n\t<div class=\"jet-posts__inner-box\"><div class=\"post-thumbnail\"><a href=\"https:\/\/diseno.duoc.cl\/premiosdd\/proyectos-2025\/sistema-de-apoyo-para-la-alimentacion-b-dot\/\" class=\"post-thumbnail__link\"><img loading=\"lazy\" decoding=\"async\" class=\"post-thumbnail__img wp-post-image\" src=\"https:\/\/diseno.duoc.cl\/premiosdd\/wp-content\/uploads\/jet-engine-forms\/25596\/2026\/01\/Portada-B-Dot.jpg\" alt=\"Sistema de apoyo para la alimentaci\u00f3n :B-Dot\" loading=\"lazy\" width=\"1280\" height=\"720\"><\/a><\/div><div class=\"jet-posts__inner-content\"><h4 class=\"entry-title\"><a href=\"https:\/\/diseno.duoc.cl\/premiosdd\/proyectos-2025\/sistema-de-apoyo-para-la-alimentacion-b-dot\/\" target=\"\">Sistema de apoyo para la alimentaci\u00f3n :B-Dot<\/a><\/h4><\/div><\/div>\n<\/div>\n<div class=\"jet-posts__item\">\n\t<div class=\"jet-posts__inner-box\"><div class=\"post-thumbnail\"><a href=\"https:\/\/diseno.duoc.cl\/premiosdd\/proyectos-2025\/promocion-del-enoturismo-en-florida-mobiliario-y-objetos\/\" class=\"post-thumbnail__link\"><img loading=\"lazy\" decoding=\"async\" class=\"post-thumbnail__img wp-post-image\" src=\"https:\/\/diseno.duoc.cl\/premiosdd\/wp-content\/uploads\/jet-engine-forms\/21265\/2026\/01\/render9.jpg\" alt=\"Promoci\u00f3n del enoturismo en Florida - Mobiliario y Objetos\" loading=\"lazy\" width=\"1080\" height=\"1080\"><\/a><\/div><div class=\"jet-posts__inner-content\"><h4 class=\"entry-title\"><a href=\"https:\/\/diseno.duoc.cl\/premiosdd\/proyectos-2025\/promocion-del-enoturismo-en-florida-mobiliario-y-objetos\/\" target=\"\">Promoci\u00f3n del enoturismo en Florida - Mobiliario y Objetos<\/a><\/h4><\/div><\/div>\n<\/div>\n<div class=\"jet-posts__item\">\n\t<div class=\"jet-posts__inner-box\"><div class=\"post-thumbnail\"><a href=\"https:\/\/diseno.duoc.cl\/premiosdd\/proyectos-2025\/proyecto-stand-cerros-de-renca\/\" class=\"post-thumbnail__link\"><img loading=\"lazy\" decoding=\"async\" class=\"post-thumbnail__img wp-post-image\" src=\"https:\/\/diseno.duoc.cl\/premiosdd\/wp-content\/uploads\/jet-engine-forms\/22758\/2026\/01\/imagen_optimizada_1920x800_2.jpg\" alt=\"Proyecto stand cerros de renca\" loading=\"lazy\" width=\"1920\" height=\"800\"><\/a><\/div><div class=\"jet-posts__inner-content\"><h4 class=\"entry-title\"><a href=\"https:\/\/diseno.duoc.cl\/premiosdd\/proyectos-2025\/proyecto-stand-cerros-de-renca\/\" target=\"\">Proyecto stand cerros de renca<\/a><\/h4><\/div><\/div>\n<\/div>\n<div class=\"jet-posts__item\">\n\t<div class=\"jet-posts__inner-box\"><div class=\"post-thumbnail\"><a href=\"https:\/\/diseno.duoc.cl\/premiosdd\/proyectos-2025\/ecopedal\/\" class=\"post-thumbnail__link\"><img loading=\"lazy\" decoding=\"async\" class=\"post-thumbnail__img wp-post-image\" src=\"https:\/\/diseno.duoc.cl\/premiosdd\/wp-content\/uploads\/jet-engine-forms\/24289\/2025\/10\/Ecopedal-Premios-DD.jpg\" alt=\"Ecopedal\" loading=\"lazy\" width=\"1920\" height=\"800\"><\/a><\/div><div class=\"jet-posts__inner-content\"><h4 class=\"entry-title\"><a href=\"https:\/\/diseno.duoc.cl\/premiosdd\/proyectos-2025\/ecopedal\/\" target=\"\">Ecopedal<\/a><\/h4><\/div><\/div>\n<\/div>\n<\/div>\n<\/div>\t\t\t\t<\/div>\n\t\t\t\t<\/div>\n\t\t\t\t\t<\/div>\n\t\t\t\t<\/div>\n\t\t<div class=\"elementor-element elementor-element-09d94e6 e-flex e-con-boxed e-con e-parent\" data-id=\"09d94e6\" data-element_type=\"container\" data-settings=\"{&quot;jet_parallax_layout_list&quot;:[]}\">\n\t\t\t\t\t<div class=\"e-con-inner\">\n\t\t\t\t<div class=\"elementor-element elementor-element-2ec2748 elementor-widget elementor-widget-heading\" data-id=\"2ec2748\" data-element_type=\"widget\" data-widget_type=\"heading.default\">\n\t\t\t\t<div class=\"elementor-widget-container\">\n\t\t\t\t\t<h4 class=\"elementor-heading-title elementor-size-default\">Dise\u00f1o de Productos Senior<\/h4>\t\t\t\t<\/div>\n\t\t\t\t<\/div>\n\t\t\t\t<div class=\"elementor-element elementor-element-ff67fe7 elementor-widget elementor-widget-jet-posts\" data-id=\"ff67fe7\" data-element_type=\"widget\" data-settings=\"{&quot;columns&quot;:3,&quot;slides_to_scroll&quot;:&quot;1&quot;}\" data-widget_type=\"jet-posts.default\">\n\t\t\t\t<div class=\"elementor-widget-container\">\n\t\t\t\t\t<div class=\"elementor-jet-posts jet-elements\"><div class=\"jet-posts col-row \"><div class=\"jet-posts__item\">\n\t<div class=\"jet-posts__inner-box\"><div class=\"post-thumbnail\"><a href=\"https:\/\/diseno.duoc.cl\/premiosdd\/proyectos-2025\/recrea-chile\/\" class=\"post-thumbnail__link\"><img loading=\"lazy\" decoding=\"async\" class=\"post-thumbnail__img wp-post-image\" src=\"https:\/\/diseno.duoc.cl\/premiosdd\/wp-content\/uploads\/jet-engine-forms\/22463\/2026\/03\/sss-1.jpg\" alt=\"ReCrea Chile\" loading=\"lazy\" width=\"1400\" height=\"800\"><\/a><\/div><div class=\"jet-posts__inner-content\"><h4 class=\"entry-title\"><a href=\"https:\/\/diseno.duoc.cl\/premiosdd\/proyectos-2025\/recrea-chile\/\" target=\"\">ReCrea Chile<\/a><\/h4><\/div><\/div>\n<\/div>\n<div class=\"jet-posts__item\">\n\t<div class=\"jet-posts__inner-box\"><div class=\"post-thumbnail\"><a href=\"https:\/\/diseno.duoc.cl\/premiosdd\/proyectos-2025\/lumm-luminaria-de-apego-para-la-estimulacion-sensorial\/\" class=\"post-thumbnail__link\"><img loading=\"lazy\" decoding=\"async\" class=\"post-thumbnail__img wp-post-image\" src=\"https:\/\/diseno.duoc.cl\/premiosdd\/wp-content\/uploads\/jet-engine-forms\/26331\/2026\/03\/Captura-de-pantalla-2026-03-14-013056.png\" alt=\"LUMM: Luminaria de Apego para la Estimulaci\u00f3n Sensorial\" loading=\"lazy\" width=\"955\" height=\"390\"><\/a><\/div><div class=\"jet-posts__inner-content\"><h4 class=\"entry-title\"><a href=\"https:\/\/diseno.duoc.cl\/premiosdd\/proyectos-2025\/lumm-luminaria-de-apego-para-la-estimulacion-sensorial\/\" target=\"\">LUMM: Luminaria de Apego para la Estimulaci\u00f3n Sensorial<\/a><\/h4><\/div><\/div>\n<\/div>\n<div class=\"jet-posts__item\">\n\t<div class=\"jet-posts__inner-box\"><div class=\"post-thumbnail\"><a href=\"https:\/\/diseno.duoc.cl\/premiosdd\/proyectos-2025\/mim-rediseno-de-exihibiciones\/\" class=\"post-thumbnail__link\"><img loading=\"lazy\" decoding=\"async\" class=\"post-thumbnail__img wp-post-image\" src=\"https:\/\/diseno.duoc.cl\/premiosdd\/wp-content\/uploads\/jet-engine-forms\/24980\/2026\/01\/Frame-1357.png\" alt=\"MiM-Redise\u00f1o de exihibiciones\" loading=\"lazy\" width=\"558\" height=\"384\"><\/a><\/div><div class=\"jet-posts__inner-content\"><h4 class=\"entry-title\"><a href=\"https:\/\/diseno.duoc.cl\/premiosdd\/proyectos-2025\/mim-rediseno-de-exihibiciones\/\" target=\"\">MiM-Redise\u00f1o de exihibiciones<\/a><\/h4><\/div><\/div>\n<\/div>\n<div class=\"jet-posts__item\">\n\t<div class=\"jet-posts__inner-box\"><div class=\"post-thumbnail\"><a href=\"https:\/\/diseno.duoc.cl\/premiosdd\/proyectos-2025\/organizador-inicial\/\" class=\"post-thumbnail__link\"><img loading=\"lazy\" decoding=\"async\" class=\"post-thumbnail__img wp-post-image\" src=\"https:\/\/diseno.duoc.cl\/premiosdd\/wp-content\/uploads\/jet-engine-forms\/21171\/2025\/11\/Organizador-Inicial-1-1.jpg\" alt=\"Organizador inicial\" loading=\"lazy\" width=\"1920\" height=\"800\"><\/a><\/div><div class=\"jet-posts__inner-content\"><h4 class=\"entry-title\"><a href=\"https:\/\/diseno.duoc.cl\/premiosdd\/proyectos-2025\/organizador-inicial\/\" target=\"\">Organizador inicial<\/a><\/h4><\/div><\/div>\n<\/div>\n<\/div>\n<\/div>\t\t\t\t<\/div>\n\t\t\t\t<\/div>\n\t\t\t\t<div class=\"elementor-element elementor-element-2493e9c elementor-widget elementor-widget-heading\" data-id=\"2493e9c\" data-element_type=\"widget\" data-widget_type=\"heading.default\">\n\t\t\t\t<div class=\"elementor-widget-container\">\n\t\t\t\t\t<h4 class=\"elementor-heading-title elementor-size-default\">Dise\u00f1o de Vestuario Junior<\/h4>\t\t\t\t<\/div>\n\t\t\t\t<\/div>\n\t\t\t\t<div class=\"elementor-element elementor-element-1a60e82 elementor-widget elementor-widget-jet-posts\" data-id=\"1a60e82\" data-element_type=\"widget\" data-settings=\"{&quot;columns&quot;:3,&quot;slides_to_scroll&quot;:&quot;1&quot;}\" data-widget_type=\"jet-posts.default\">\n\t\t\t\t<div class=\"elementor-widget-container\">\n\t\t\t\t\t<div class=\"elementor-jet-posts jet-elements\"><div class=\"jet-posts col-row \"><div class=\"jet-posts__item\">\n\t<div class=\"jet-posts__inner-box\"><div class=\"post-thumbnail\"><a href=\"https:\/\/diseno.duoc.cl\/premiosdd\/proyectos-2025\/santos-kintun\/\" class=\"post-thumbnail__link\"><img loading=\"lazy\" decoding=\"async\" class=\"post-thumbnail__img wp-post-image\" src=\"https:\/\/diseno.duoc.cl\/premiosdd\/wp-content\/uploads\/jet-engine-forms\/25273\/2026\/01\/SANTOS-TAIN-KINTUN-corregido.png\" alt=\"SANTOS TAI\u00d1 KINTUN\" loading=\"lazy\" width=\"1200\" height=\"675\"><\/a><\/div><div class=\"jet-posts__inner-content\"><h4 class=\"entry-title\"><a href=\"https:\/\/diseno.duoc.cl\/premiosdd\/proyectos-2025\/santos-kintun\/\" target=\"\">SANTOS TAI\u00d1 KINTUN<\/a><\/h4><\/div><\/div>\n<\/div>\n<div class=\"jet-posts__item\">\n\t<div class=\"jet-posts__inner-box\"><div class=\"post-thumbnail\"><a href=\"https:\/\/diseno.duoc.cl\/premiosdd\/proyectos-2025\/crece-contigo\/\" class=\"post-thumbnail__link\"><img loading=\"lazy\" decoding=\"async\" class=\"post-thumbnail__img wp-post-image\" src=\"https:\/\/diseno.duoc.cl\/premiosdd\/wp-content\/uploads\/jet-engine-forms\/24302\/2025\/12\/Creciendo-juntos-1920-x-800-px-800-x-900-px-1-1.png\" alt=\"Crece Contigo\" loading=\"lazy\" width=\"800\" height=\"900\"><\/a><\/div><div class=\"jet-posts__inner-content\"><h4 class=\"entry-title\"><a href=\"https:\/\/diseno.duoc.cl\/premiosdd\/proyectos-2025\/crece-contigo\/\" target=\"\">Crece Contigo<\/a><\/h4><\/div><\/div>\n<\/div>\n<\/div>\n<\/div>\t\t\t\t<\/div>\n\t\t\t\t<\/div>\n\t\t\t\t\t<\/div>\n\t\t\t\t<\/div>\n\t\t<div class=\"elementor-element elementor-element-1efcd52 e-flex e-con-boxed e-con e-parent\" data-id=\"1efcd52\" data-element_type=\"container\" data-settings=\"{&quot;jet_parallax_layout_list&quot;:[]}\">\n\t\t\t\t\t<div class=\"e-con-inner\">\n\t\t\t\t<div class=\"elementor-element elementor-element-fd4249c elementor-widget elementor-widget-heading\" data-id=\"fd4249c\" data-element_type=\"widget\" data-widget_type=\"heading.default\">\n\t\t\t\t<div class=\"elementor-widget-container\">\n\t\t\t\t\t<h4 class=\"elementor-heading-title elementor-size-default\">Dise\u00f1o de Vestuario Senior<\/h4>\t\t\t\t<\/div>\n\t\t\t\t<\/div>\n\t\t\t\t<div class=\"elementor-element elementor-element-dfaf5f6 elementor-widget elementor-widget-jet-posts\" data-id=\"dfaf5f6\" data-element_type=\"widget\" data-settings=\"{&quot;columns&quot;:3,&quot;slides_to_scroll&quot;:&quot;1&quot;}\" data-widget_type=\"jet-posts.default\">\n\t\t\t\t<div class=\"elementor-widget-container\">\n\t\t\t\t\t<div class=\"elementor-jet-posts jet-elements\"><div class=\"jet-posts col-row \"><div class=\"jet-posts__item\">\n\t<div class=\"jet-posts__inner-box\"><div class=\"post-thumbnail\"><a href=\"https:\/\/diseno.duoc.cl\/premiosdd\/proyectos-2025\/indumentaria-funcional-con-textiles-tecnologicos-smart-wear-pro\/\" class=\"post-thumbnail__link\"><img loading=\"lazy\" decoding=\"async\" class=\"post-thumbnail__img wp-post-image\" src=\"https:\/\/diseno.duoc.cl\/premiosdd\/wp-content\/uploads\/jet-engine-forms\/25273\/2026\/01\/portada.jpg\" alt=\"Indumentaria Funcional con Textiles Tecnol\u00f3gicos \/ Smart Wear Pro\" loading=\"lazy\" width=\"1366\" height=\"768\"><\/a><\/div><div class=\"jet-posts__inner-content\"><h4 class=\"entry-title\"><a href=\"https:\/\/diseno.duoc.cl\/premiosdd\/proyectos-2025\/indumentaria-funcional-con-textiles-tecnologicos-smart-wear-pro\/\" target=\"\">Indumentaria Funcional con Textiles Tecnol\u00f3gicos \/ Smart Wear Pro<\/a><\/h4><\/div><\/div>\n<\/div>\n<div class=\"jet-posts__item\">\n\t<div class=\"jet-posts__inner-box\"><div class=\"post-thumbnail\"><a href=\"https:\/\/diseno.duoc.cl\/premiosdd\/proyectos-2025\/drommi\/\" class=\"post-thumbnail__link\"><img loading=\"lazy\" decoding=\"async\" class=\"post-thumbnail__img wp-post-image\" src=\"https:\/\/diseno.duoc.cl\/premiosdd\/wp-content\/uploads\/jet-engine-forms\/23893\/2025\/10\/Informacion-del-proyecto.png.jpeg\" alt=\"Dr\u00f6mmi\" loading=\"lazy\" width=\"1350\" height=\"1080\"><\/a><\/div><div class=\"jet-posts__inner-content\"><h4 class=\"entry-title\"><a href=\"https:\/\/diseno.duoc.cl\/premiosdd\/proyectos-2025\/drommi\/\" target=\"\">Dr\u00f6mmi<\/a><\/h4><\/div><\/div>\n<\/div>\n<\/div>\n<\/div>\t\t\t\t<\/div>\n\t\t\t\t<\/div>\n\t\t\t\t\t<\/div>\n\t\t\t\t<\/div>\n\t\t<div class=\"elementor-element elementor-element-fab813d e-flex e-con-boxed e-con e-parent\" data-id=\"fab813d\" data-element_type=\"container\" data-settings=\"{&quot;jet_parallax_layout_list&quot;:[]}\">\n\t\t\t\t\t<div class=\"e-con-inner\">\n\t\t\t\t<div class=\"elementor-element elementor-element-c2902de elementor-widget elementor-widget-heading\" data-id=\"c2902de\" data-element_type=\"widget\" data-widget_type=\"heading.default\">\n\t\t\t\t<div class=\"elementor-widget-container\">\n\t\t\t\t\t<h4 class=\"elementor-heading-title elementor-size-default\">Desarrollo y Dise\u00f1o Web<\/h4>\t\t\t\t<\/div>\n\t\t\t\t<\/div>\n\t\t\t\t<div class=\"elementor-element elementor-element-d31b707 elementor-widget elementor-widget-jet-posts\" data-id=\"d31b707\" data-element_type=\"widget\" data-settings=\"{&quot;columns&quot;:3,&quot;slides_to_scroll&quot;:&quot;1&quot;}\" data-widget_type=\"jet-posts.default\">\n\t\t\t\t<div class=\"elementor-widget-container\">\n\t\t\t\t\t<div class=\"elementor-jet-posts jet-elements\"><div class=\"jet-posts col-row \"><div class=\"jet-posts__item\">\n\t<div class=\"jet-posts__inner-box\"><div class=\"post-thumbnail\"><a href=\"https:\/\/diseno.duoc.cl\/premiosdd\/proyectos-2025\/fundacion-vida-independiente\/\" class=\"post-thumbnail__link\"><img loading=\"lazy\" decoding=\"async\" class=\"post-thumbnail__img wp-post-image\" src=\"https:\/\/diseno.duoc.cl\/premiosdd\/wp-content\/uploads\/jet-engine-forms\/23147\/2026\/03\/Fundacion-Vida-Independiente.png\" alt=\"Fundaci\u00f3n Vida Independiente\" loading=\"lazy\" width=\"1920\" height=\"1080\"><\/a><\/div><div class=\"jet-posts__inner-content\"><h4 class=\"entry-title\"><a href=\"https:\/\/diseno.duoc.cl\/premiosdd\/proyectos-2025\/fundacion-vida-independiente\/\" target=\"\">Fundaci\u00f3n Vida Independiente<\/a><\/h4><\/div><\/div>\n<\/div>\n<div class=\"jet-posts__item\">\n\t<div class=\"jet-posts__inner-box\"><div class=\"post-thumbnail\"><a href=\"https:\/\/diseno.duoc.cl\/premiosdd\/proyectos-2025\/rediseno-web-complejo-educacional-cardenal-antonio-samore\/\" class=\"post-thumbnail__link\"><img loading=\"lazy\" decoding=\"async\" class=\"post-thumbnail__img wp-post-image\" src=\"https:\/\/diseno.duoc.cl\/premiosdd\/wp-content\/uploads\/jet-engine-forms\/23591\/2026\/01\/Group-2048.png\" alt=\"Redise\u00f1o Web Complejo Educacional Cardenal Antonio Samor\u00e9\" loading=\"lazy\" width=\"1920\" height=\"800\"><\/a><\/div><div class=\"jet-posts__inner-content\"><h4 class=\"entry-title\"><a href=\"https:\/\/diseno.duoc.cl\/premiosdd\/proyectos-2025\/rediseno-web-complejo-educacional-cardenal-antonio-samore\/\" target=\"\">Redise\u00f1o Web Complejo Educacional Cardenal Antonio Samor\u00e9<\/a><\/h4><\/div><\/div>\n<\/div>\n<\/div>\n<\/div>\t\t\t\t<\/div>\n\t\t\t\t<\/div>\n\t\t\t\t\t<\/div>\n\t\t\t\t<\/div>\n\t\t<div class=\"elementor-element elementor-element-6193993 e-flex e-con-boxed e-con e-parent\" data-id=\"6193993\" data-element_type=\"container\" data-settings=\"{&quot;jet_parallax_layout_list&quot;:[]}\">\n\t\t\t\t\t<div class=\"e-con-inner\">\n\t\t\t\t<div class=\"elementor-element elementor-element-8a19bae elementor-widget elementor-widget-heading\" data-id=\"8a19bae\" data-element_type=\"widget\" data-widget_type=\"heading.default\">\n\t\t\t\t<div class=\"elementor-widget-container\">\n\t\t\t\t\t<h4 class=\"elementor-heading-title elementor-size-default\">Ilustraci\u00f3n<\/h4>\t\t\t\t<\/div>\n\t\t\t\t<\/div>\n\t\t\t\t<div class=\"elementor-element elementor-element-ea95a35 elementor-widget elementor-widget-jet-posts\" data-id=\"ea95a35\" data-element_type=\"widget\" data-settings=\"{&quot;columns&quot;:3,&quot;slides_to_scroll&quot;:&quot;1&quot;}\" data-widget_type=\"jet-posts.default\">\n\t\t\t\t<div class=\"elementor-widget-container\">\n\t\t\t\t\t<div class=\"elementor-jet-posts jet-elements\"><div class=\"jet-posts col-row \"><div class=\"jet-posts__item\">\n\t<div class=\"jet-posts__inner-box\"><div class=\"post-thumbnail\"><a href=\"https:\/\/diseno.duoc.cl\/premiosdd\/proyectos-2025\/educarte\/\" class=\"post-thumbnail__link\"><img loading=\"lazy\" decoding=\"async\" class=\"post-thumbnail__img wp-post-image\" src=\"https:\/\/diseno.duoc.cl\/premiosdd\/wp-content\/uploads\/jet-engine-forms\/21271\/2026\/01\/Ilustracion_sin_titulo-4-copia.jpg\" alt=\"EducArte\" loading=\"lazy\" width=\"1920\" height=\"1080\"><\/a><\/div><div class=\"jet-posts__inner-content\"><h4 class=\"entry-title\"><a href=\"https:\/\/diseno.duoc.cl\/premiosdd\/proyectos-2025\/educarte\/\" target=\"\">EducArte<\/a><\/h4><\/div><\/div>\n<\/div>\n<div class=\"jet-posts__item\">\n\t<div class=\"jet-posts__inner-box\"><div class=\"post-thumbnail\"><a href=\"https:\/\/diseno.duoc.cl\/premiosdd\/proyectos-2025\/relacion-mutualista-entre-planta-jarra-y-murcielago-lanudo-de-hardwicke\/\" class=\"post-thumbnail__link\"><img loading=\"lazy\" decoding=\"async\" class=\"post-thumbnail__img wp-post-image\" src=\"https:\/\/diseno.duoc.cl\/premiosdd\/wp-content\/uploads\/jet-engine-forms\/23739\/2025\/12\/Behance-Headders-dd-premios-1.png\" alt=\"Relaci\u00f3n mutualista entre Planta Jarra y Murcielago lanudo de Hardwicke\" loading=\"lazy\" width=\"1920\" height=\"800\"><\/a><\/div><div class=\"jet-posts__inner-content\"><h4 class=\"entry-title\"><a href=\"https:\/\/diseno.duoc.cl\/premiosdd\/proyectos-2025\/relacion-mutualista-entre-planta-jarra-y-murcielago-lanudo-de-hardwicke\/\" target=\"\">Relaci\u00f3n mutualista entre Planta Jarra y Murcielago lanudo de Hardwicke<\/a><\/h4><\/div><\/div>\n<\/div>\n<div class=\"jet-posts__item\">\n\t<div class=\"jet-posts__inner-box\"><div class=\"post-thumbnail\"><a href=\"https:\/\/diseno.duoc.cl\/premiosdd\/proyectos-2025\/guardianes-del-eco\/\" class=\"post-thumbnail__link\"><img loading=\"lazy\" decoding=\"async\" class=\"post-thumbnail__img wp-post-image\" src=\"https:\/\/diseno.duoc.cl\/premiosdd\/wp-content\/uploads\/jet-engine-forms\/25201\/2025\/12\/Captura-de-pantalla-2025-12-17-222135.png\" alt=\"Guardianes del ECO\" loading=\"lazy\" width=\"514\" height=\"204\"><\/a><\/div><div class=\"jet-posts__inner-content\"><h4 class=\"entry-title\"><a href=\"https:\/\/diseno.duoc.cl\/premiosdd\/proyectos-2025\/guardianes-del-eco\/\" target=\"\">Guardianes del ECO<\/a><\/h4><\/div><\/div>\n<\/div>\n<div class=\"jet-posts__item\">\n\t<div class=\"jet-posts__inner-box\"><div class=\"post-thumbnail\"><a href=\"https:\/\/diseno.duoc.cl\/premiosdd\/proyectos-2025\/uniq\/\" class=\"post-thumbnail__link\"><img loading=\"lazy\" decoding=\"async\" class=\"post-thumbnail__img wp-post-image\" src=\"https:\/\/diseno.duoc.cl\/premiosdd\/wp-content\/uploads\/jet-engine-forms\/24440\/2025\/12\/Ilustracion90-3.jpg\" alt=\"UNIQ\" loading=\"lazy\" width=\"1280\" height=\"720\"><\/a><\/div><div class=\"jet-posts__inner-content\"><h4 class=\"entry-title\"><a href=\"https:\/\/diseno.duoc.cl\/premiosdd\/proyectos-2025\/uniq\/\" target=\"\">UNIQ<\/a><\/h4><\/div><\/div>\n<\/div>\n<\/div>\n<\/div>\t\t\t\t<\/div>\n\t\t\t\t<\/div>\n\t\t\t\t\t<\/div>\n\t\t\t\t<\/div>\n\t\t<div class=\"elementor-element elementor-element-ac3d03c e-flex e-con-boxed e-con e-parent\" data-id=\"ac3d03c\" data-element_type=\"container\" data-settings=\"{&quot;jet_parallax_layout_list&quot;:[]}\">\n\t\t\t\t\t<div class=\"e-con-inner\">\n\t\t\t\t<div class=\"elementor-element elementor-element-3a852dd elementor-widget elementor-widget-spacer\" data-id=\"3a852dd\" data-element_type=\"widget\" data-widget_type=\"spacer.default\">\n\t\t\t\t<div class=\"elementor-widget-container\">\n\t\t\t\t\t\t\t<div class=\"elementor-spacer\">\n\t\t\t<div class=\"elementor-spacer-inner\"><\/div>\n\t\t<\/div>\n\t\t\t\t\t\t<\/div>\n\t\t\t\t<\/div>\n\t\t\t\t\t<\/div>\n\t\t\t\t<\/div>\n\t\t\t\t<\/div>\n\t\t","protected":false},"excerpt":{"rendered":"<p>Proyectos seleccionados 2025 Dise\u00f1o Gr\u00e1fico Junior Petly Tiny Steps Ledu &#8211; Servicio gr\u00e1fico de material did\u00e1ctico para neurodivergencias Rastro Cero KidKongo, el guardi\u00e1n divertido de tus hijos Eco Vibes + Harmony Dise\u00f1o Gr\u00e1fico Menci\u00f3n Identidad Visual Sistema se\u00f1al\u00e9tico: Granja Educativa de Lonqu\u00e9n \u00abAprender recorriendo\u00bb Sistema de Se\u00f1alizaci\u00f3n e Identidad Visual museo MEGM Identidad y Sistema [&hellip;]<\/p>\n","protected":false},"author":1,"featured_media":7623,"parent":0,"menu_order":0,"comment_status":"closed","ping_status":"closed","template":"","meta":{"site-sidebar-layout":"no-sidebar","site-content-layout":"page-builder","ast-site-content-layout":"full-width-container","site-content-style":"default","site-sidebar-style":"default","ast-global-header-display":"","ast-banner-title-visibility":"","ast-main-header-display":"","ast-hfb-above-header-display":"","ast-hfb-below-header-display":"","ast-hfb-mobile-header-display":"","site-post-title":"disabled","ast-breadcrumbs-content":"","ast-featured-img":"disabled","footer-sml-layout":"","theme-transparent-header-meta":"","adv-header-id-meta":"","stick-header-meta":"","header-above-stick-meta":"","header-main-stick-meta":"","header-below-stick-meta":"","astra-migrate-meta-layouts":"set","ast-page-background-enabled":"default","ast-page-background-meta":{"desktop":{"background-color":"","background-image":"","background-repeat":"repeat","background-position":"center center","background-size":"auto","background-attachment":"scroll","background-type":"","background-media":"","overlay-type":"","overlay-color":"","overlay-opacity":"","overlay-gradient":""},"tablet":{"background-color":"","background-image":"","background-repeat":"repeat","background-position":"center center","background-size":"auto","background-attachment":"scroll","background-type":"","background-media":"","overlay-type":"","overlay-color":"","overlay-opacity":"","overlay-gradient":""},"mobile":{"background-color":"","background-image":"","background-repeat":"repeat","background-position":"center center","background-size":"auto","background-attachment":"scroll","background-type":"","background-media":"","overlay-type":"","overlay-color":"","overlay-opacity":"","overlay-gradient":""}},"ast-content-background-meta":{"desktop":{"background-color":"var(--ast-global-color-5)","background-image":"","background-repeat":"repeat","background-position":"center center","background-size":"auto","background-attachment":"scroll","background-type":"","background-media":"","overlay-type":"","overlay-color":"","overlay-opacity":"","overlay-gradient":""},"tablet":{"background-color":"var(--ast-global-color-5)","background-image":"","background-repeat":"repeat","background-position":"center center","background-size":"auto","background-attachment":"scroll","background-type":"","background-media":"","overlay-type":"","overlay-color":"","overlay-opacity":"","overlay-gradient":""},"mobile":{"background-color":"var(--ast-global-color-5)","background-image":"","background-repeat":"repeat","background-position":"center center","background-size":"auto","background-attachment":"scroll","background-type":"","background-media":"","overlay-type":"","overlay-color":"","overlay-opacity":"","overlay-gradient":""}},"footnotes":""},"class_list":["post-9048","page","type-page","status-publish","has-post-thumbnail","hentry"],"_links":{"self":[{"href":"https:\/\/diseno.duoc.cl\/premiosdd\/wp-json\/wp\/v2\/pages\/9048","targetHints":{"allow":["GET"]}}],"collection":[{"href":"https:\/\/diseno.duoc.cl\/premiosdd\/wp-json\/wp\/v2\/pages"}],"about":[{"href":"https:\/\/diseno.duoc.cl\/premiosdd\/wp-json\/wp\/v2\/types\/page"}],"author":[{"embeddable":true,"href":"https:\/\/diseno.duoc.cl\/premiosdd\/wp-json\/wp\/v2\/users\/1"}],"replies":[{"embeddable":true,"href":"https:\/\/diseno.duoc.cl\/premiosdd\/wp-json\/wp\/v2\/comments?post=9048"}],"version-history":[{"count":73,"href":"https:\/\/diseno.duoc.cl\/premiosdd\/wp-json\/wp\/v2\/pages\/9048\/revisions"}],"predecessor-version":[{"id":9134,"href":"https:\/\/diseno.duoc.cl\/premiosdd\/wp-json\/wp\/v2\/pages\/9048\/revisions\/9134"}],"wp:featuredmedia":[{"embeddable":true,"href":"https:\/\/diseno.duoc.cl\/premiosdd\/wp-json\/wp\/v2\/media\/7623"}],"wp:attachment":[{"href":"https:\/\/diseno.duoc.cl\/premiosdd\/wp-json\/wp\/v2\/media?parent=9048"}],"curies":[{"name":"wp","href":"https:\/\/api.w.org\/{rel}","templated":true}]}}